{"version":"1.0","provider_name":"Caret.Pro","provider_url":"https:\/\/www.caret.pro\/de\/","author_name":"Anna Celmer","author_url":"https:\/\/www.caret.pro\/de\/blog\/author\/anna-celmer\/","title":"Loyalit\u00e4t der Europ\u00e4er gegen\u00fcber Automarken\u00a0 - Caret.Pro","type":"rich","width":600,"height":338,"html":"<blockquote class=\"wp-embedded-content\" data-secret=\"LQ7Z5DdSzh\"><a href=\"https:\/\/www.caret.pro\/de\/blog\/loyalitaet-der-europaeer-gegenueber-automarken\/\">Loyalit\u00e4t der Europ\u00e4er gegen\u00fcber Automarken\u00a0<\/a><\/blockquote><iframe sandbox=\"allow-scripts\" security=\"restricted\" src=\"https:\/\/www.caret.pro\/de\/blog\/loyalitaet-der-europaeer-gegenueber-automarken\/embed\/#?secret=LQ7Z5DdSzh\" width=\"600\" height=\"338\" title=\"&#8222;Loyalit\u00e4t der Europ\u00e4er gegen\u00fcber Automarken\u00a0&#8220; &#8211; Caret.Pro\" data-secret=\"LQ7Z5DdSzh\" frameborder=\"0\" marginwidth=\"0\" marginheight=\"0\" scrolling=\"no\" class=\"wp-embedded-content\"><\/iframe><script type=\"text\/javascript\">\n\/* <![CDATA[ *\/\n\/*! This file is auto-generated *\/\n!function(d,l){\"use strict\";l.querySelector&&d.addEventListener&&\"undefined\"!=typeof URL&&(d.wp=d.wp||{},d.wp.receiveEmbedMessage||(d.wp.receiveEmbedMessage=function(e){var t=e.data;if((t||t.secret||t.message||t.value)&&!\/[^a-zA-Z0-9]\/.test(t.secret)){for(var s,r,n,a=l.querySelectorAll('iframe[data-secret=\"'+t.secret+'\"]'),o=l.querySelectorAll('blockquote[data-secret=\"'+t.secret+'\"]'),c=new RegExp(\"^https?:$\",\"i\"),i=0;i<o.length;i++)o[i].style.display=\"none\";for(i=0;i<a.length;i++)s=a[i],e.source===s.contentWindow&&(s.removeAttribute(\"style\"),\"height\"===t.message?(1e3<(r=parseInt(t.value,10))?r=1e3:~~r<200&&(r=200),s.height=r):\"link\"===t.message&&(r=new URL(s.getAttribute(\"src\")),n=new URL(t.value),c.test(n.protocol))&&n.host===r.host&&l.activeElement===s&&(d.top.location.href=t.value))}},d.addEventListener(\"message\",d.wp.receiveEmbedMessage,!1),l.addEventListener(\"DOMContentLoaded\",function(){for(var e,t,s=l.querySelectorAll(\"iframe.wp-embedded-content\"),r=0;r<s.length;r++)(t=(e=s[r]).getAttribute(\"data-secret\"))||(t=Math.random().toString(36).substring(2,12),e.src+=\"#?secret=\"+t,e.setAttribute(\"data-secret\",t)),e.contentWindow.postMessage({message:\"ready\",secret:t},\"*\")},!1)))}(window,document);\n\/* ]]> *\/\n<\/script>\n","thumbnail_url":"https:\/\/www.caret.pro\/wp-content\/uploads\/2024\/03\/Projekt-bez-nazwy-2024-03-14T150243.454-5.jpg","thumbnail_width":1200,"thumbnail_height":627,"description":"Die Europ\u00e4er bleiben ihren Lieblingsmarken treu, wie der j\u00fcngste Bericht von Bloomberg Intelligence (BI) \u00fcber Autokaufpl\u00e4ne zeigt. Dies ist f\u00fcr die traditionellen Hersteller wichtig, da sie versuchen, ihre Position auf dem Markt angesichts der zunehmenden Konkurrenz durch neue Akteure wie Tesla und importierte chinesische Elektrofahrzeuge (BEVs) zu halten. Was hat die Umfrage unter den Verbrauchern [&hellip;]"}